{"id":1751,"date":"2019-10-25T10:54:30","date_gmt":"2019-10-25T10:54:30","guid":{"rendered":"http:\/\/conferences.ubt-uni.net\/2019\/?post_type=event&#038;p=1751"},"modified":"2019-10-25T10:55:43","modified_gmt":"2019-10-25T10:55:43","slug":"session-1-8","status":"publish","type":"event","link":"https:\/\/conferences.ubt-uni.net\/2021\/event\/session-1-8\/","title":{"rendered":"Session 1"},"content":{"rendered":"<ul>\n<li>Chair : Dr. Binak Beqaj<\/li>\n<li>Co \u2013 Chair : Dr. Elvida Pallaska<\/li>\n<li><\/li>\n<li>-Guest speaker- Ph.D. Vladim\u00edra \u0160ilh\u00e1nkov\u00e1<\/li>\n<li>-Holistic approach to Sustainable Product and Process in Urban Design<br \/>\nYlber Limani, Binak Beqaj, Endrit Luri<\/li>\n<li>-Prishtina resilient city or not as per EU criteria?<br \/>\nComparison study with the cities in the region,<br \/>\nBelgrade and Zagreb<br \/>\nElvida Pallaska<\/li>\n<li>-Degradation of the green spaces influence in the heart of cities<br \/>\nMichael Pond\u011bl\u00ed\u010dek<\/li>\n<li>-Raising awareness of local decision makers on spatial planning through the treatment of informal settlements<br \/>\n&#8211; Peja case<br \/>\nModest Gashi<\/li>\n<li>-Landscapes that shape informality; Case study of<br \/>\nTirana<br \/>\nIrina Branko<\/li>\n<li>-An Integrated Approach on Spatial Planning and<br \/>\nTerritorial Cohesion<br \/>\nBinak Beqaj<\/li>\n<li>-Cynicism: transgression and counterculture in the production of contemporary urban-architectural territories<br \/>\nJuan Pablo Montes Lamas<\/li>\n<li>-Encouraging the eco-mobility in context of sustainable urban mobility planning &#8211; Evaluating the Eco Mobility capacities of Bozcaada island in context of sustainable transportation<br \/>\nShqiprim Ahmeti<\/li>\n<li>-Globalization of Urban Planning Policies, Kosovo and<br \/>\nEU Strategies<br \/>\nVildane Maliqi<\/li>\n<li>-Urban Space Transformation in Tirana City<br \/>\nAndi Shameti<\/li>\n<li>-The connection between urban land use planning, land structure and urban land development instruments \u2013 Kosovo case<br \/>\nHabib Ymeri<\/li>\n<\/ul>\n","protected":false},"featured_media":0,"menu_order":0,"template":"","page-category":[99],"class_list":["post-1751","event","type-event","status-publish","hentry","page-category-architecture-spatial-planning"],"acf":[],"_links":{"self":[{"href":"https:\/\/conferences.ubt-uni.net\/2021\/wp-json\/wp\/v2\/event\/1751","targetHints":{"allow":["GET"]}}],"collection":[{"href":"https:\/\/conferences.ubt-uni.net\/2021\/wp-json\/wp\/v2\/event"}],"about":[{"href":"https:\/\/conferences.ubt-uni.net\/2021\/wp-json\/wp\/v2\/types\/event"}],"wp:attachment":[{"href":"https:\/\/conferences.ubt-uni.net\/2021\/wp-json\/wp\/v2\/media?parent=1751"}],"wp:term":[{"taxonomy":"page-category","embeddable":true,"href":"https:\/\/conferences.ubt-uni.net\/2021\/wp-json\/wp\/v2\/page-category?post=1751"}],"curies":[{"name":"wp","href":"https:\/\/api.w.org\/{rel}","templated":true}]}}