{"id":1789,"date":"2019-10-25T13:44:36","date_gmt":"2019-10-25T13:44:36","guid":{"rendered":"http:\/\/conferences.ubt-uni.net\/2019\/?post_type=event&#038;p=1789"},"modified":"2019-10-25T13:44:36","modified_gmt":"2019-10-25T13:44:36","slug":"session-3-4","status":"publish","type":"event","link":"https:\/\/conferences.ubt-uni.net\/2023\/event\/session-3-4\/","title":{"rendered":"Session  3"},"content":{"rendered":"<ul>\n<li>Chair : Votim Hanoli<\/li>\n<li>Co \u2013 Chair : Adnan Merovci<\/li>\n<\/ul>\n<p>\u2022 Gjylije Rexha (Key Note Speaker)<\/p>\n<p>&nbsp;<\/p>\n<ul>\n<li>-Media Regulation and Self-Regulation in Kosovo<br \/>\nAdnan Merovci<\/li>\n<li>-Fan Noli, the master of oratory and politics<br \/>\nAdrita Dylgjeri, Irgen Xhyra<\/li>\n<li>-Conceptual metaphors in the Albanian political and journalistic discourse and their meaning<br \/>\nXhyla \u00c7eliku, Arb\u00ebr \u00c7eliku<\/li>\n<li>-Protecting freedom of speech in Kosovo after the declaration of independence<br \/>\nFatime Lumi, Artan Tahiri<\/li>\n<li>-The Law on Access to Public Documents and its non-<br \/>\nimplementation in practice by public institutions in<br \/>\nKosovo<br \/>\nMuhamet Hajrullahu<\/li>\n<li>-Discourses in mass communication<br \/>\nEjup Gojnovci<\/li>\n<li>-Goverment Divide of Villages and<br \/>\nFamilies in Has on the Border of Albania &#8211;<br \/>\nKosovo in Collective Memories<br \/>\nNexhat \u00c7o\u00e7aj<\/li>\n<li>-The effects and consequences of ethical violations of the media during 2019<br \/>\nFatbardh\u00eb Kiqina<\/li>\n<li>-Media \/ Politics \u2013 A lost battle<br \/>\nSafet Zejnullahu<\/li>\n<\/ul>\n","protected":false},"featured_media":0,"menu_order":0,"template":"","page-category":[95],"class_list":["post-1789","event","type-event","status-publish","hentry","page-category-journalism-media-and-communication"],"acf":[],"_links":{"self":[{"href":"https:\/\/conferences.ubt-uni.net\/2023\/wp-json\/wp\/v2\/event\/1789","targetHints":{"allow":["GET"]}}],"collection":[{"href":"https:\/\/conferences.ubt-uni.net\/2023\/wp-json\/wp\/v2\/event"}],"about":[{"href":"https:\/\/conferences.ubt-uni.net\/2023\/wp-json\/wp\/v2\/types\/event"}],"wp:attachment":[{"href":"https:\/\/conferences.ubt-uni.net\/2023\/wp-json\/wp\/v2\/media?parent=1789"}],"wp:term":[{"taxonomy":"page-category","embeddable":true,"href":"https:\/\/conferences.ubt-uni.net\/2023\/wp-json\/wp\/v2\/page-category?post=1789"}],"curies":[{"name":"wp","href":"https:\/\/api.w.org\/{rel}","templated":true}]}}